{"id":3555,"date":"2019-10-29T13:51:01","date_gmt":"2019-10-29T13:51:01","guid":{"rendered":"https:\/\/intrinsicpractice.com\/?page_id=3555"},"modified":"2022-10-12T19:12:03","modified_gmt":"2022-10-12T19:12:03","slug":"a_propos","status":"publish","type":"page","link":"https:\/\/intrinsicpractice.com\/fr\/a_propos\/","title":{"rendered":"\u00c0 propos"},"content":{"rendered":"<p>[vc_row css_animation=\u00a0\u00bb\u00a0\u00bb row_type=\u00a0\u00bbrow\u00a0\u00bb use_row_as_full_screen_section=\u00a0\u00bbno\u00a0\u00bb type=\u00a0\u00bbgrid\u00a0\u00bb angled_section=\u00a0\u00bbno\u00a0\u00bb text_align=\u00a0\u00bbleft\u00a0\u00bb background_image_as_pattern=\u00a0\u00bbwithout_pattern\u00a0\u00bb z_index=\u00a0\u00bb\u00a0\u00bb css=\u00a0\u00bb.vc_custom_1602784936780{margin-top: 35px !important;}\u00a0\u00bb][vc_column][vc_column_text css=\u00a0\u00bb.vc_custom_1659628104247{margin-bottom: 20px !important;}\u00a0\u00bb]<\/p>\n<h2>\u00c0 PROPOS DE L&rsquo;AUTEUR<\/h2>\n<p>[\/vc_column_text][vc_column_text css=\u00a0\u00bb.vc_custom_1659626448200{margin-bottom: 15px !important;}\u00a0\u00bb]<strong style=\"font-size: 24px;\">Jacques Bradwejn, MD FRCPC DABPN<\/strong><br \/>\nProfesseur de psychiatrie, Facult\u00e9 de m\u00e9decine, Universit\u00e9 d&rsquo;Ottawa<br \/>\nProfesseur invit\u00e9, \u00c9cole de m\u00e9decine de l&rsquo; Universit\u00e9 Jiao Tong de Shanghai[\/vc_column_text][vc_column_text css=\u00a0\u00bb.vc_custom_1664905293975{margin-bottom: 20px !important;}\u00a0\u00bb]<\/p>\n<ul>\n<li><a class=\"slink\" href=\"http:\/\/intrinsicpractice.com\/wp-content\/uploads\/2022\/10\/ip-bio-FR.pdf\" target=\"_blank\" rel=\"noopener noreferrer\">Lisez la biographie de l&rsquo;auteur <\/a>(.pdf, 70 Kb)<\/li>\n<li><a class=\"slink\" href=\"http:\/\/intrinsicpractice.com\/wp-content\/uploads\/2022\/09\/ip-cv.pdf\" target=\"_blank\" rel=\"noopener noreferrer\">Consultez son CV<\/a>(.pdf, 525 Kb)<\/li>\n<\/ul>\n<p>[\/vc_column_text][\/vc_column][\/vc_row][vc_row css_animation=\u00a0\u00bb\u00a0\u00bb row_type=\u00a0\u00bbrow\u00a0\u00bb use_row_as_full_screen_section=\u00a0\u00bbno\u00a0\u00bb type=\u00a0\u00bbgrid\u00a0\u00bb angled_section=\u00a0\u00bbno\u00a0\u00bb text_align=\u00a0\u00bbleft\u00a0\u00bb background_image_as_pattern=\u00a0\u00bbwithout_pattern\u00a0\u00bb z_index=\u00a0\u00bb\u00a0\u00bb][vc_column width=\u00a0\u00bb2\/3&Prime;][vc_video link=\u00a0\u00bbhttps:\/\/youtu.be\/OSVpcTHcrjs\u00a0\u00bb][vc_column_text css=\u00a0\u00bb.vc_custom_1665601890134{margin-bottom: 15px !important;}\u00a0\u00bb]<span class=\"transcript\"><a href=\"http:\/\/intrinsicpractice.com\/wp-content\/uploads\/2022\/09\/Intrinsic-Practice_Qui_a_cree_la_Pratique_intrinseque_Transcription-1.pdf\" target=\"_blank\" rel=\"noopener noreferrer\">Transcription<\/a> (.pdf, 130 Kb)<\/span><span class=\"video-time\">2m 29s<\/span>[\/vc_column_text][\/vc_column][vc_column width=\u00a0\u00bb1\/3&Prime;][\/vc_column][\/vc_row][vc_row css_animation=\u00a0\u00bb\u00a0\u00bb row_type=\u00a0\u00bbrow\u00a0\u00bb use_row_as_full_screen_section=\u00a0\u00bbno\u00a0\u00bb type=\u00a0\u00bbgrid\u00a0\u00bb angled_section=\u00a0\u00bbno\u00a0\u00bb text_align=\u00a0\u00bbleft\u00a0\u00bb background_image_as_pattern=\u00a0\u00bbwithout_pattern\u00a0\u00bb z_index=\u00a0\u00bb\u00a0\u00bb css=\u00a0\u00bb.vc_custom_1602784970725{margin-bottom: 15px !important;}\u00a0\u00bb][vc_column][vc_column_text css=\u00a0\u00bb.vc_custom_1659628188922{margin-bottom: 20px !important;}\u00a0\u00bb]<\/p>\n<h2>\u00c0 PROPOS DE LA M\u00c9THODE<\/h2>\n<p>[\/vc_column_text][vc_column_text css=\u00a0\u00bb.vc_custom_1659626822642{margin-bottom: 15px !important;}\u00a0\u00bb]<\/p>\n<div id=\"tw-target-text-container\" class=\"tw-ta-container F0azHf tw-nfl\" tabindex=\"0\">\n<p id=\"tw-target-text\" class=\"tw-data-text tw-text-large tw-ta\" dir=\"ltr\" data-placeholder=\"Translation\"><span class=\"Y2IQFc\" lang=\"fr\">Jacques Bradwejn a d\u00e9velopp\u00e9 la pratique intrins\u00e8que en se posant 2 questions issues de sa pratique clinique, son implication dans la formation en leadership, ainsi que ses int\u00e9r\u00eats en mati\u00e8re de sant\u00e9 et de bien-\u00eatre :<\/span><\/p>\n<\/div>\n<p>[\/vc_column_text][vc_column_text css=\u00a0\u00bb.vc_custom_1659626810240{margin-bottom: 15px !important;}\u00a0\u00bb]<\/p>\n<p id=\"tw-target-text\" class=\"tw-data-text tw-text-large tw-ta\" dir=\"ltr\" data-placeholder=\"Translation\"><span class=\"Y2IQFc\" lang=\"fr\">Pourrait-il y avoir une d\u00e9finition de la sant\u00e9 et du bien-\u00eatre?<\/span><\/p>\n<p>[\/vc_column_text][vc_column_text css=\u00a0\u00bb.vc_custom_1659626881076{margin-bottom: 15px !important;}\u00a0\u00bb]<\/p>\n<p id=\"tw-target-text\" class=\"tw-data-text tw-text-large tw-ta\" dir=\"ltr\" data-placeholder=\"Translation\"><span class=\"Y2IQFc\" lang=\"fr\">Pourrait-il y avoir une m\u00e9thode avec des outils con\u00e7us sp\u00e9cifiquement pour un objectif d\u00e9fini de sant\u00e9 et de bien-\u00eatre\u00a0?<\/span><\/p>\n<p>[\/vc_column_text][vc_column_text css=\u00a0\u00bb.vc_custom_1664905554325{margin-bottom: 15px !important;}\u00a0\u00bb]<\/p>\n<p id=\"tw-target-text\" class=\"tw-data-text tw-text-large tw-ta\" dir=\"ltr\" data-placeholder=\"Translation\"><span class=\"Y2IQFc\" lang=\"fr\">Vous pouvez en savoir plus en t\u00e9l\u00e9chargeant le <a class=\"slink\" href=\"http:\/\/intrinsicpractice.com\/wp-content\/uploads\/2022\/09\/Pratique_intrinseque_Document_conceptuel.pdf\">document conceptuel de la pratique intrins\u00e8que<\/a> (.pdf, 1.2 Mb).<\/span><\/p>\n<p>[\/vc_column_text][\/vc_column][\/vc_row][vc_row css_animation=\u00a0\u00bb\u00a0\u00bb row_type=\u00a0\u00bbrow\u00a0\u00bb use_row_as_full_screen_section=\u00a0\u00bbno\u00a0\u00bb type=\u00a0\u00bbgrid\u00a0\u00bb angled_section=\u00a0\u00bbno\u00a0\u00bb text_align=\u00a0\u00bbleft\u00a0\u00bb background_image_as_pattern=\u00a0\u00bbwithout_pattern\u00a0\u00bb z_index=\u00a0\u00bb\u00a0\u00bb][vc_column width=\u00a0\u00bb2\/3&Prime;][vc_video link=\u00a0\u00bbhttps:\/\/youtu.be\/qLKSVHzhmX4&Prime;][vc_column_text css=\u00a0\u00bb.vc_custom_1665601906654{margin-bottom: 15px !important;}\u00a0\u00bb]<span class=\"transcript\"><a href=\"http:\/\/intrinsicpractice.com\/wp-content\/uploads\/2022\/09\/Intrinsic-Practice_Comment_la_Pratique_intrinseque_a_t_elle_ete_developper_Transcription-1.pdf\" target=\"_blank\" rel=\"noopener noreferrer\">Transcription<\/a> (.pdf, 132 Kb)<\/span><span class=\"video-time\">2m 51s<\/span>[\/vc_column_text][\/vc_column][vc_column width=\u00a0\u00bb1\/3&Prime;][\/vc_column][\/vc_row][vc_row css_animation=\u00a0\u00bb\u00a0\u00bb row_type=\u00a0\u00bbrow\u00a0\u00bb use_row_as_full_screen_section=\u00a0\u00bbno\u00a0\u00bb type=\u00a0\u00bbgrid\u00a0\u00bb angled_section=\u00a0\u00bbno\u00a0\u00bb text_align=\u00a0\u00bbleft\u00a0\u00bb background_image_as_pattern=\u00a0\u00bbwithout_pattern\u00a0\u00bb css=\u00a0\u00bb.vc_custom_1602596791032{margin-top: 20px !important;margin-bottom: 0px !important;padding-top: 10px !important;padding-bottom: 10px !important;background-color: #f6f6f6 !important;}\u00a0\u00bb z_index=\u00a0\u00bb\u00a0\u00bb][vc_column][vc_column_text]<\/p>\n<div><a id=\"next-link\" href=\"https:\/\/intrinsicpractice.com\/fr\/methode-en-6-etapes\/\">prochaine page<\/a><\/div>\n<p>[\/vc_column_text][\/vc_column][\/vc_row]<\/p>\n","protected":false},"excerpt":{"rendered":"<p>[vc_row css_animation=\u00a0\u00bb\u00a0\u00bb row_type=\u00a0\u00bbrow\u00a0\u00bb use_row_as_full_screen_section=\u00a0\u00bbno\u00a0\u00bb type=\u00a0\u00bbgrid\u00a0\u00bb angled_section=\u00a0\u00bbno\u00a0\u00bb text_align=\u00a0\u00bbleft\u00a0\u00bb background_image_as_pattern=\u00a0\u00bbwithout_pattern\u00a0\u00bb z_index=\u00a0\u00bb\u00a0\u00bb css=\u00a0\u00bb.vc_custom_1602784936780{margin-top: 35px !important;}\u00a0\u00bb][vc_column][vc_column_text css=\u00a0\u00bb.vc_custom_1659628104247{margin-bottom: 20px !important;}\u00a0\u00bb] \u00c0 PROPOS DE L&rsquo;AUTEUR [\/vc_column_text][vc_column_text css=\u00a0\u00bb.vc_custom_1659626448200{margin-bottom: 15px !important;}\u00a0\u00bb]Jacques Bradwejn, MD FRCPC DABPN Professeur de psychiatrie, Facult\u00e9 de m\u00e9decine, Universit\u00e9 d&rsquo;Ottawa Professeur invit\u00e9, \u00c9cole de m\u00e9decine de l&rsquo; Universit\u00e9 Jiao Tong&#8230;<\/p>\n","protected":false},"author":1,"featured_media":0,"parent":0,"menu_order":0,"comment_status":"closed","ping_status":"closed","template":"full_width.php","meta":{"inline_featured_image":false,"_mi_skip_tracking":false},"_links":{"self":[{"href":"https:\/\/intrinsicpractice.com\/fr\/wp-json\/wp\/v2\/pages\/3555"}],"collection":[{"href":"https:\/\/intrinsicpractice.com\/fr\/wp-json\/wp\/v2\/pages"}],"about":[{"href":"https:\/\/intrinsicpractice.com\/fr\/wp-json\/wp\/v2\/types\/page"}],"author":[{"embeddable":true,"href":"https:\/\/intrinsicpractice.com\/fr\/wp-json\/wp\/v2\/users\/1"}],"replies":[{"embeddable":true,"href":"https:\/\/intrinsicpractice.com\/fr\/wp-json\/wp\/v2\/comments?post=3555"}],"version-history":[{"count":30,"href":"https:\/\/intrinsicpractice.com\/fr\/wp-json\/wp\/v2\/pages\/3555\/revisions"}],"predecessor-version":[{"id":4856,"href":"https:\/\/intrinsicpractice.com\/fr\/wp-json\/wp\/v2\/pages\/3555\/revisions\/4856"}],"wp:attachment":[{"href":"https:\/\/intrinsicpractice.com\/fr\/wp-json\/wp\/v2\/media?parent=3555"}],"curies":[{"name":"wp","href":"https:\/\/api.w.org\/{rel}","templated":true}]}}